{"version":"1.0","provider_name":"French Plein Air Painters \u00a9","provider_url":"https:\/\/frenchpleinairpainters.com","title":"Sortie du mois du f\u00e9vrier 2021 - French Plein Air Painters \u00a9","type":"rich","width":600,"height":338,"html":"<blockquote class=\"wp-embedded-content\" data-secret=\"2QPbr4aXco\"><a href=\"https:\/\/frenchpleinairpainters.com\/index.php\/lettre-du-mois-du-fevrier-2021\/\">Sortie du mois du f\u00e9vrier 2021<\/a><\/blockquote><iframe sandbox=\"allow-scripts\" security=\"restricted\" src=\"https:\/\/frenchpleinairpainters.com\/index.php\/lettre-du-mois-du-fevrier-2021\/embed\/#?secret=2QPbr4aXco\" width=\"600\" height=\"338\" title=\"\u00ab\u00a0Sortie du mois du f\u00e9vrier 2021\u00a0\u00bb &#8212; French Plein Air Painters \u00a9\" data-secret=\"2QPbr4aXco\" frameborder=\"0\" marginwidth=\"0\" marginheight=\"0\" scrolling=\"no\" class=\"wp-embedded-content\"><\/iframe><script>\n\/*! This file is auto-generated *\/\n!function(d,l){\"use strict\";l.querySelector&&d.addEventListener&&\"undefined\"!=typeof URL&&(d.wp=d.wp||{},d.wp.receiveEmbedMessage||(d.wp.receiveEmbedMessage=function(e){var t=e.data;if((t||t.secret||t.message||t.value)&&!\/[^a-zA-Z0-9]\/.test(t.secret)){for(var s,r,n,a=l.querySelectorAll('iframe[data-secret=\"'+t.secret+'\"]'),o=l.querySelectorAll('blockquote[data-secret=\"'+t.secret+'\"]'),c=new RegExp(\"^https?:$\",\"i\"),i=0;i<o.length;i++)o[i].style.display=\"none\";for(i=0;i<a.length;i++)s=a[i],e.source===s.contentWindow&&(s.removeAttribute(\"style\"),\"height\"===t.message?(1e3<(r=parseInt(t.value,10))?r=1e3:~~r<200&&(r=200),s.height=r):\"link\"===t.message&&(r=new URL(s.getAttribute(\"src\")),n=new URL(t.value),c.test(n.protocol))&&n.host===r.host&&l.activeElement===s&&(d.top.location.href=t.value))}},d.addEventListener(\"message\",d.wp.receiveEmbedMessage,!1),l.addEventListener(\"DOMContentLoaded\",function(){for(var e,t,s=l.querySelectorAll(\"iframe.wp-embedded-content\"),r=0;r<s.length;r++)(t=(e=s[r]).getAttribute(\"data-secret\"))||(t=Math.random().toString(36).substring(2,12),e.src+=\"#?secret=\"+t,e.setAttribute(\"data-secret\",t)),e.contentWindow.postMessage({message:\"ready\",secret:t},\"*\")},!1)))}(window,document);\n\/\/# sourceURL=https:\/\/frenchpleinairpainters.com\/wp-includes\/js\/wp-embed.min.js\n<\/script>\n","description":"Chers Artistes, chers Partenaires, Grande question urgente : qui veut sortir ce dimanche le 14 f\u00e9vrier&#8230; ? Il fait froid&#8230; mais je me dis que je ne vais pas annuler unilaterelament la sortie, je vais vous consulter. J&rsquo;ai aussi certaines choses \u00e0 vous annoncer dans la perspective du mois de mars&#8230; Nous sommes seulement en d\u00e9but du f\u00e9vrier et avons d\u00e9j\u00e0 fait 2 sorties qui fut des succ\u00e8s. Merci pour votre enthousiasme et votre fidelit\u00e9 ! Ci-dessous le deux liens &#8211; r\u00e9portages de nos 2 sorties du janvier. https:\/\/www.youtube.com\/channel\/UC3Wk4OvmHjaPhcmZ2W3hQOQ https:\/\/www.instagram.com\/p\/CLEEOevKgxQ\/ ( Pensez \u00e0 vous abonnez \u00e0 nos profiles sur les reseaux sociaux pour mieux les suivre et les partager, merci) En attendant parlons du le 14 f\u00e9vrier. Compte tenu de la situation \u00e9pidemique compliqu\u00e9e nous ne sommes pas en mesure de vous proposer un lieu d&rsquo;accueil personnalis\u00e9 comme on aime : pas d&rsquo;expo de fin de journ\u00e9e, pas d&rsquo;abri pour piquenique. Tout est ferm\u00e9 et il fait froid.Toutefois je suis pr\u00e8te \u00e0 sortir avec des volontaires ( m\u00eame s&rsquo;il y a qu&rsquo;une personne ! je serai partante) pour notre journ\u00e9e habituelle : le second dimanche du mois.Pour cette journ\u00e9e j&rsquo;ai choisi le Parc Martin Luter King Ce lieu dans Paris est accessible aux personnes habitant en banlieu \u00ab\u00a0ouest\u00a0\u00bb de Paris par la station \u00ab\u00a0Pont Cardinet\u00a0\u00bb ( toutes les lignes partant de St Lazare) . Ce n&rsquo;est pas non plus loin de RER A et de la gare St Lazare pour les arriv\u00e9es d&rsquo;autres banlieux.C&rsquo;est aussi l&rsquo;occasion de decouvrir la toute nouvelle station de la ligne M\u00e9t\u00e9or fraichement ouverte \u00e0 l&rsquo;entr\u00e9e du parc. Bien sur je sais que les gens qui habitent loin ne viendront pas, je ne m&rsquo;y attends pas&#8230; cela ne vaut pas la peine&#8230;. mais les courageux parisiens sont bienvenus&#8230; Moi aujoud&rsquo;hui j&rsquo;ai bien profit\u00e9 de la neige et je serais bien sortie peindre dans la rue aussi si j&rsquo;avais eu de la compagnie. ( Il fallait juste ajouter du sel dans l&rsquo;eau de l&rsquo;aquarelle, qui g\u00e9lait sans cela) Merci de me dire qui vient par retour du mail ou par SMS ?(Actuellement je tente d&rsquo;obtenir l&rsquo;acc\u00e8s \u00e0 la salle en verre sur la passerelle &#8211; pour pouvoir s&rsquo;y chauffer et m\u00eame peindre \u00e0 travers les vitres, mais autant en novembre avant le confinement la Mairie du XVII \u00e9tait tr\u00e8s \u00ab\u00a0pour\u00a0\u00bb, autant c&rsquo;est tr\u00e8s compliqu\u00e9 maintenant&#8230;.Je ne suis pas sure pouvoir l&rsquo;obtenir mais je pense que m\u00eame sans cet abri cela pourrait s&rsquo;apparenter \u00e0 notre journ\u00e9e de r\u00e9p\u00e9rage \u00e0 Bougival &#8211; et elle pourra \u00eatre utile pour d&rsquo;autres actions avec la Mairie du XVII qui est plutot un bon partenaire. Si vous decidez le rv sera le dimanche 14 f\u00e9vrier de 14h \u00e0 16h30\/ 17h pr\u00e8s de la passerelle autour de l&rsquo;\u00e9tang. Si je re\u00e7ois des r\u00e9ponses rapides je vous reponderai inidividuellement et je continuerai mes pourparlers avec la Mairie. En cas du succ\u00e8s je publierai le resultat sur le site sans renvoyer le nouveau mailling pour pas deranger tout le monde, ainsi ceux qui voudront se decider&#46;&#46;&#46;","thumbnail_url":"https:\/\/frenchpleinairpainters.com\/wp-content\/uploads\/2020\/01\/EC32A610-ED27-4FF4-B263-A2AC30F269B8-rotated.jpg"}