{"id":1741,"date":"2020-08-07T10:14:41","date_gmt":"2020-08-07T08:14:41","guid":{"rendered":"https:\/\/frenchpleinairpainters.com\/?page_id=1741"},"modified":"2020-08-12T11:41:54","modified_gmt":"2020-08-12T09:41:54","slug":"anna-filimonova-and-afcc-association-is-pleased-to-announce-the-holding-of-the-4th-international-outdoor-painting-festival-on-large-format-in-the-cradle-of-impressionism-in-paris-france-fr","status":"publish","type":"page","link":"https:\/\/frenchpleinairpainters.com\/index.php\/anna-filimonova-and-afcc-association-is-pleased-to-announce-the-holding-of-the-4th-international-outdoor-painting-festival-on-large-format-in-the-cradle-of-impressionism-in-paris-france-fr\/","title":{"rendered":"Anna  Filimonova  and  AFCC Association &#8211; is pleased to announce the holding of the 4th International Outdoor Painting Festival on large format \u00ab\u00a0In the Cradle of Impressionism\u00a0\u00bb in Paris &#8211; France, from August 27 to August 30, 2020."},"content":{"rendered":"Dear Friends, I am very happy to present you our new Festival in Paris. Take the decision to become participants, spectators, reporters&#8230; feel free to share this information with all <a href=\"https:\/\/frenchpleinairpainters.com\/index.php\/anna-filimonova-and-afcc-association-is-pleased-to-announce-the-holding-of-the-4th-international-outdoor-painting-festival-on-large-format-in-the-cradle-of-impressionism-in-paris-france-fr\/\" class=\"more-link\">(suite\u2026)<\/a>","protected":false},"excerpt":{"rendered":"<p>Dear Friends, I am very happy to present you our new Festival in Paris. Take the decision to become participants, spectators, reporters&#8230; feel free to share this information with all (suite\u2026)<\/p>\n","protected":false},"author":2,"featured_media":1880,"parent":0,"menu_order":0,"comment_status":"closed","ping_status":"closed","template":"","meta":{"footnotes":""},"class_list":["post-1741","page","type-page","status-publish","has-post-thumbnail","hentry"],"yoast_head":"<!-- This site is optimized with the Yoast SEO plugin v27.5 - https:\/\/yoast.com\/product\/yoast-seo-wordpress\/ -->\n<title>Anna Filimonova and AFCC Association - is pleased to announce the holding of the 4th International Outdoor Painting Festival on large format &quot;In the Cradle of Impressionism&quot; in Paris - France, from August 27 to August 30, 2020. - French Plein Air Painters \u00a9<\/title>\n<meta name=\"robots\" content=\"index, follow, max-snippet:-1, max-image-preview:large, max-video-preview:-1\" \/>\n<link rel=\"canonical\" href=\"https:\/\/frenchpleinairpainters.com\/index.php\/anna-filimonova-and-afcc-association-is-pleased-to-announce-the-holding-of-the-4th-international-outdoor-painting-festival-on-large-format-in-the-cradle-of-impressionism-in-paris-france-fr\/\" \/>\n<meta property=\"og:locale\" content=\"fr_FR\" \/>\n<meta property=\"og:type\" content=\"article\" \/>\n<meta property=\"og:title\" content=\"Anna Filimonova and AFCC Association - is pleased to announce the holding of the 4th International Outdoor Painting Festival on large format &quot;In the Cradle of Impressionism&quot; in Paris - France, from August 27 to August 30, 2020. - French Plein Air Painters \u00a9\" \/>\n<meta property=\"og:description\" content=\"Dear Friends, I am very happy to present you our new Festival in Paris. Take the decision to become participants, spectators, reporters&#8230; feel free to share this information with all (suite\u2026)\" \/>\n<meta property=\"og:url\" content=\"https:\/\/frenchpleinairpainters.com\/index.php\/anna-filimonova-and-afcc-association-is-pleased-to-announce-the-holding-of-the-4th-international-outdoor-painting-festival-on-large-format-in-the-cradle-of-impressionism-in-paris-france-fr\/\" \/>\n<meta property=\"og:site_name\" content=\"French Plein Air Painters \u00a9\" \/>\n<meta property=\"article:modified_time\" content=\"2020-08-12T09:41:54+00:00\" \/>\n<meta property=\"og:image\" content=\"https:\/\/frenchpleinairpainters.com\/wp-content\/uploads\/2020\/08\/8x10_autocolant.jpg\" \/>\n\t<meta property=\"og:image:width\" content=\"226\" \/>\n\t<meta property=\"og:image:height\" content=\"141\" \/>\n\t<meta property=\"og:image:type\" content=\"image\/jpeg\" \/>\n<meta name=\"twitter:card\" content=\"summary_large_image\" \/>\n<meta name=\"twitter:label1\" content=\"Dur\u00e9e de lecture estim\u00e9e\" \/>\n\t<meta name=\"twitter:data1\" content=\"4 minutes\" \/>\n<script type=\"application\/ld+json\" class=\"yoast-schema-graph\">{\"@context\":\"https:\\\/\\\/schema.org\",\"@graph\":[{\"@type\":\"WebPage\",\"@id\":\"https:\\\/\\\/frenchpleinairpainters.com\\\/index.php\\\/anna-filimonova-and-afcc-association-is-pleased-to-announce-the-holding-of-the-4th-international-outdoor-painting-festival-on-large-format-in-the-cradle-of-impressionism-in-paris-france-fr\\\/\",\"url\":\"https:\\\/\\\/frenchpleinairpainters.com\\\/index.php\\\/anna-filimonova-and-afcc-association-is-pleased-to-announce-the-holding-of-the-4th-international-outdoor-painting-festival-on-large-format-in-the-cradle-of-impressionism-in-paris-france-fr\\\/\",\"name\":\"Anna Filimonova and AFCC Association - is pleased to announce the holding of the 4th International Outdoor Painting Festival on large format \\\"In the Cradle of Impressionism\\\" in Paris - France, from August 27 to August 30, 2020. - French Plein Air Painters \u00a9\",\"isPartOf\":{\"@id\":\"https:\\\/\\\/frenchpleinairpainters.com\\\/#website\"},\"primaryImageOfPage\":{\"@id\":\"https:\\\/\\\/frenchpleinairpainters.com\\\/index.php\\\/anna-filimonova-and-afcc-association-is-pleased-to-announce-the-holding-of-the-4th-international-outdoor-painting-festival-on-large-format-in-the-cradle-of-impressionism-in-paris-france-fr\\\/#primaryimage\"},\"image\":{\"@id\":\"https:\\\/\\\/frenchpleinairpainters.com\\\/index.php\\\/anna-filimonova-and-afcc-association-is-pleased-to-announce-the-holding-of-the-4th-international-outdoor-painting-festival-on-large-format-in-the-cradle-of-impressionism-in-paris-france-fr\\\/#primaryimage\"},\"thumbnailUrl\":\"https:\\\/\\\/frenchpleinairpainters.com\\\/wp-content\\\/uploads\\\/2020\\\/08\\\/8x10_autocolant.jpg\",\"datePublished\":\"2020-08-07T08:14:41+00:00\",\"dateModified\":\"2020-08-12T09:41:54+00:00\",\"breadcrumb\":{\"@id\":\"https:\\\/\\\/frenchpleinairpainters.com\\\/index.php\\\/anna-filimonova-and-afcc-association-is-pleased-to-announce-the-holding-of-the-4th-international-outdoor-painting-festival-on-large-format-in-the-cradle-of-impressionism-in-paris-france-fr\\\/#breadcrumb\"},\"inLanguage\":\"fr-FR\",\"potentialAction\":[{\"@type\":\"ReadAction\",\"target\":[\"https:\\\/\\\/frenchpleinairpainters.com\\\/index.php\\\/anna-filimonova-and-afcc-association-is-pleased-to-announce-the-holding-of-the-4th-international-outdoor-painting-festival-on-large-format-in-the-cradle-of-impressionism-in-paris-france-fr\\\/\"]}]},{\"@type\":\"ImageObject\",\"inLanguage\":\"fr-FR\",\"@id\":\"https:\\\/\\\/frenchpleinairpainters.com\\\/index.php\\\/anna-filimonova-and-afcc-association-is-pleased-to-announce-the-holding-of-the-4th-international-outdoor-painting-festival-on-large-format-in-the-cradle-of-impressionism-in-paris-france-fr\\\/#primaryimage\",\"url\":\"https:\\\/\\\/frenchpleinairpainters.com\\\/wp-content\\\/uploads\\\/2020\\\/08\\\/8x10_autocolant.jpg\",\"contentUrl\":\"https:\\\/\\\/frenchpleinairpainters.com\\\/wp-content\\\/uploads\\\/2020\\\/08\\\/8x10_autocolant.jpg\",\"width\":226,\"height\":141},{\"@type\":\"BreadcrumbList\",\"@id\":\"https:\\\/\\\/frenchpleinairpainters.com\\\/index.php\\\/anna-filimonova-and-afcc-association-is-pleased-to-announce-the-holding-of-the-4th-international-outdoor-painting-festival-on-large-format-in-the-cradle-of-impressionism-in-paris-france-fr\\\/#breadcrumb\",\"itemListElement\":[{\"@type\":\"ListItem\",\"position\":1,\"name\":\"Accueil\",\"item\":\"https:\\\/\\\/frenchpleinairpainters.com\\\/index.php\\\/en\\\/\"},{\"@type\":\"ListItem\",\"position\":2,\"name\":\"Anna Filimonova and AFCC Association &#8211; is pleased to announce the holding of the 4th International Outdoor Painting Festival on large format \u00ab\u00a0In the Cradle of Impressionism\u00a0\u00bb in Paris &#8211; France, from August 27 to August 30, 2020.\"}]},{\"@type\":\"WebSite\",\"@id\":\"https:\\\/\\\/frenchpleinairpainters.com\\\/#website\",\"url\":\"https:\\\/\\\/frenchpleinairpainters.com\\\/\",\"name\":\"French Plein Air Painters \u00a9\",\"description\":\"En France nombreux artistes peignent en plein air d\u2019apr\u00e8s la tradition artistique qui remonte m\u00eame au del\u00e0 des Impressionnistes.\",\"publisher\":{\"@id\":\"https:\\\/\\\/frenchpleinairpainters.com\\\/#organization\"},\"potentialAction\":[{\"@type\":\"SearchAction\",\"target\":{\"@type\":\"EntryPoint\",\"urlTemplate\":\"https:\\\/\\\/frenchpleinairpainters.com\\\/?s={search_term_string}\"},\"query-input\":{\"@type\":\"PropertyValueSpecification\",\"valueRequired\":true,\"valueName\":\"search_term_string\"}}],\"inLanguage\":\"fr-FR\"},{\"@type\":\"Organization\",\"@id\":\"https:\\\/\\\/frenchpleinairpainters.com\\\/#organization\",\"name\":\"Association Festival Cultures Crois\u00e9es \u2013 AFCC\",\"url\":\"https:\\\/\\\/frenchpleinairpainters.com\\\/\",\"logo\":{\"@type\":\"ImageObject\",\"inLanguage\":\"fr-FR\",\"@id\":\"https:\\\/\\\/frenchpleinairpainters.com\\\/#\\\/schema\\\/logo\\\/image\\\/\",\"url\":\"https:\\\/\\\/frenchpleinairpainters.com\\\/wp-content\\\/uploads\\\/2019\\\/10\\\/AFCC_logo2008_BLANCJPG.jpg\",\"contentUrl\":\"https:\\\/\\\/frenchpleinairpainters.com\\\/wp-content\\\/uploads\\\/2019\\\/10\\\/AFCC_logo2008_BLANCJPG.jpg\",\"width\":654,\"height\":741,\"caption\":\"Association Festival Cultures Crois\u00e9es \u2013 AFCC\"},\"image\":{\"@id\":\"https:\\\/\\\/frenchpleinairpainters.com\\\/#\\\/schema\\\/logo\\\/image\\\/\"}}]}<\/script>\n<!-- \/ Yoast SEO plugin. -->","yoast_head_json":{"title":"Anna Filimonova and AFCC Association - is pleased to announce the holding of the 4th International Outdoor Painting Festival on large format \"In the Cradle of Impressionism\" in Paris - France, from August 27 to August 30, 2020. - French Plein Air Painters \u00a9","robots":{"index":"index","follow":"follow","max-snippet":"max-snippet:-1","max-image-preview":"max-image-preview:large","max-video-preview":"max-video-preview:-1"},"canonical":"https:\/\/frenchpleinairpainters.com\/index.php\/anna-filimonova-and-afcc-association-is-pleased-to-announce-the-holding-of-the-4th-international-outdoor-painting-festival-on-large-format-in-the-cradle-of-impressionism-in-paris-france-fr\/","og_locale":"fr_FR","og_type":"article","og_title":"Anna Filimonova and AFCC Association - is pleased to announce the holding of the 4th International Outdoor Painting Festival on large format \"In the Cradle of Impressionism\" in Paris - France, from August 27 to August 30, 2020. - French Plein Air Painters \u00a9","og_description":"Dear Friends, I am very happy to present you our new Festival in Paris. Take the decision to become participants, spectators, reporters&#8230; feel free to share this information with all (suite\u2026)","og_url":"https:\/\/frenchpleinairpainters.com\/index.php\/anna-filimonova-and-afcc-association-is-pleased-to-announce-the-holding-of-the-4th-international-outdoor-painting-festival-on-large-format-in-the-cradle-of-impressionism-in-paris-france-fr\/","og_site_name":"French Plein Air Painters \u00a9","article_modified_time":"2020-08-12T09:41:54+00:00","og_image":[{"width":226,"height":141,"url":"https:\/\/frenchpleinairpainters.com\/wp-content\/uploads\/2020\/08\/8x10_autocolant.jpg","type":"image\/jpeg"}],"twitter_card":"summary_large_image","twitter_misc":{"Dur\u00e9e de lecture estim\u00e9e":"4 minutes"},"schema":{"@context":"https:\/\/schema.org","@graph":[{"@type":"WebPage","@id":"https:\/\/frenchpleinairpainters.com\/index.php\/anna-filimonova-and-afcc-association-is-pleased-to-announce-the-holding-of-the-4th-international-outdoor-painting-festival-on-large-format-in-the-cradle-of-impressionism-in-paris-france-fr\/","url":"https:\/\/frenchpleinairpainters.com\/index.php\/anna-filimonova-and-afcc-association-is-pleased-to-announce-the-holding-of-the-4th-international-outdoor-painting-festival-on-large-format-in-the-cradle-of-impressionism-in-paris-france-fr\/","name":"Anna Filimonova and AFCC Association - is pleased to announce the holding of the 4th International Outdoor Painting Festival on large format \"In the Cradle of Impressionism\" in Paris - France, from August 27 to August 30, 2020. - French Plein Air Painters \u00a9","isPartOf":{"@id":"https:\/\/frenchpleinairpainters.com\/#website"},"primaryImageOfPage":{"@id":"https:\/\/frenchpleinairpainters.com\/index.php\/anna-filimonova-and-afcc-association-is-pleased-to-announce-the-holding-of-the-4th-international-outdoor-painting-festival-on-large-format-in-the-cradle-of-impressionism-in-paris-france-fr\/#primaryimage"},"image":{"@id":"https:\/\/frenchpleinairpainters.com\/index.php\/anna-filimonova-and-afcc-association-is-pleased-to-announce-the-holding-of-the-4th-international-outdoor-painting-festival-on-large-format-in-the-cradle-of-impressionism-in-paris-france-fr\/#primaryimage"},"thumbnailUrl":"https:\/\/frenchpleinairpainters.com\/wp-content\/uploads\/2020\/08\/8x10_autocolant.jpg","datePublished":"2020-08-07T08:14:41+00:00","dateModified":"2020-08-12T09:41:54+00:00","breadcrumb":{"@id":"https:\/\/frenchpleinairpainters.com\/index.php\/anna-filimonova-and-afcc-association-is-pleased-to-announce-the-holding-of-the-4th-international-outdoor-painting-festival-on-large-format-in-the-cradle-of-impressionism-in-paris-france-fr\/#breadcrumb"},"inLanguage":"fr-FR","potentialAction":[{"@type":"ReadAction","target":["https:\/\/frenchpleinairpainters.com\/index.php\/anna-filimonova-and-afcc-association-is-pleased-to-announce-the-holding-of-the-4th-international-outdoor-painting-festival-on-large-format-in-the-cradle-of-impressionism-in-paris-france-fr\/"]}]},{"@type":"ImageObject","inLanguage":"fr-FR","@id":"https:\/\/frenchpleinairpainters.com\/index.php\/anna-filimonova-and-afcc-association-is-pleased-to-announce-the-holding-of-the-4th-international-outdoor-painting-festival-on-large-format-in-the-cradle-of-impressionism-in-paris-france-fr\/#primaryimage","url":"https:\/\/frenchpleinairpainters.com\/wp-content\/uploads\/2020\/08\/8x10_autocolant.jpg","contentUrl":"https:\/\/frenchpleinairpainters.com\/wp-content\/uploads\/2020\/08\/8x10_autocolant.jpg","width":226,"height":141},{"@type":"BreadcrumbList","@id":"https:\/\/frenchpleinairpainters.com\/index.php\/anna-filimonova-and-afcc-association-is-pleased-to-announce-the-holding-of-the-4th-international-outdoor-painting-festival-on-large-format-in-the-cradle-of-impressionism-in-paris-france-fr\/#breadcrumb","itemListElement":[{"@type":"ListItem","position":1,"name":"Accueil","item":"https:\/\/frenchpleinairpainters.com\/index.php\/en\/"},{"@type":"ListItem","position":2,"name":"Anna Filimonova and AFCC Association &#8211; is pleased to announce the holding of the 4th International Outdoor Painting Festival on large format \u00ab\u00a0In the Cradle of Impressionism\u00a0\u00bb in Paris &#8211; France, from August 27 to August 30, 2020."}]},{"@type":"WebSite","@id":"https:\/\/frenchpleinairpainters.com\/#website","url":"https:\/\/frenchpleinairpainters.com\/","name":"French Plein Air Painters \u00a9","description":"En France nombreux artistes peignent en plein air d\u2019apr\u00e8s la tradition artistique qui remonte m\u00eame au del\u00e0 des Impressionnistes.","publisher":{"@id":"https:\/\/frenchpleinairpainters.com\/#organization"},"potentialAction":[{"@type":"SearchAction","target":{"@type":"EntryPoint","urlTemplate":"https:\/\/frenchpleinairpainters.com\/?s={search_term_string}"},"query-input":{"@type":"PropertyValueSpecification","valueRequired":true,"valueName":"search_term_string"}}],"inLanguage":"fr-FR"},{"@type":"Organization","@id":"https:\/\/frenchpleinairpainters.com\/#organization","name":"Association Festival Cultures Crois\u00e9es \u2013 AFCC","url":"https:\/\/frenchpleinairpainters.com\/","logo":{"@type":"ImageObject","inLanguage":"fr-FR","@id":"https:\/\/frenchpleinairpainters.com\/#\/schema\/logo\/image\/","url":"https:\/\/frenchpleinairpainters.com\/wp-content\/uploads\/2019\/10\/AFCC_logo2008_BLANCJPG.jpg","contentUrl":"https:\/\/frenchpleinairpainters.com\/wp-content\/uploads\/2019\/10\/AFCC_logo2008_BLANCJPG.jpg","width":654,"height":741,"caption":"Association Festival Cultures Crois\u00e9es \u2013 AFCC"},"image":{"@id":"https:\/\/frenchpleinairpainters.com\/#\/schema\/logo\/image\/"}}]}},"_links":{"self":[{"href":"https:\/\/frenchpleinairpainters.com\/index.php\/wp-json\/wp\/v2\/pages\/1741","targetHints":{"allow":["GET"]}}],"collection":[{"href":"https:\/\/frenchpleinairpainters.com\/index.php\/wp-json\/wp\/v2\/pages"}],"about":[{"href":"https:\/\/frenchpleinairpainters.com\/index.php\/wp-json\/wp\/v2\/types\/page"}],"author":[{"embeddable":true,"href":"https:\/\/frenchpleinairpainters.com\/index.php\/wp-json\/wp\/v2\/users\/2"}],"replies":[{"embeddable":true,"href":"https:\/\/frenchpleinairpainters.com\/index.php\/wp-json\/wp\/v2\/comments?post=1741"}],"version-history":[{"count":38,"href":"https:\/\/frenchpleinairpainters.com\/index.php\/wp-json\/wp\/v2\/pages\/1741\/revisions"}],"predecessor-version":[{"id":4113,"href":"https:\/\/frenchpleinairpainters.com\/index.php\/wp-json\/wp\/v2\/pages\/1741\/revisions\/4113"}],"wp:featuredmedia":[{"embeddable":true,"href":"https:\/\/frenchpleinairpainters.com\/index.php\/wp-json\/wp\/v2\/media\/1880"}],"wp:attachment":[{"href":"https:\/\/frenchpleinairpainters.com\/index.php\/wp-json\/wp\/v2\/media?parent=1741"}],"curies":[{"name":"wp","href":"https:\/\/api.w.org\/{rel}","templated":true}]}}