{"id":3009,"date":"2021-01-18T20:24:08","date_gmt":"2021-01-18T19:24:08","guid":{"rendered":"https:\/\/frenchpleinairpainters.com\/?page_id=3009"},"modified":"2021-01-20T00:32:46","modified_gmt":"2021-01-19T23:32:46","slug":"les-prochaines-sorties-en-conditions-du-couvre-feu-et-dans-la-crainte-du-reconfinement","status":"publish","type":"page","link":"https:\/\/frenchpleinairpainters.com\/index.php\/les-prochaines-sorties-en-conditions-du-couvre-feu-et-dans-la-crainte-du-reconfinement\/","title":{"rendered":"La prochaine sortie : ce samedi 23 janvier sous r\u00e9serve des derni\u00e8res directives&#8230;"},"content":{"rendered":"Pour lire dans le navigateur cliquez ici A l&rsquo;attention de [[data:civilit\u00e9:\u00a0\u00bb\u00a0\u00bb]] [[data:pr\u00e9nom:\u00a0\u00bb\u00a0\u00bb]] [[data:nom:\u00a0\u00bb\u00a0\u00bb]] Chers Artistes, Chers Partenaires, merci d&rsquo;\u00eatre si nombreux pour notre premi\u00e8re sortie de l&rsquo;ann\u00e9e 2021 ! Cliquez <a href=\"https:\/\/frenchpleinairpainters.com\/index.php\/les-prochaines-sorties-en-conditions-du-couvre-feu-et-dans-la-crainte-du-reconfinement\/\" class=\"more-link\">(suite\u2026)<\/a>","protected":false},"excerpt":{"rendered":"<p>Pour lire dans le navigateur cliquez ici A l&rsquo;attention de [[data:civilit\u00e9:\u00a0\u00bb\u00a0\u00bb]] [[data:pr\u00e9nom:\u00a0\u00bb\u00a0\u00bb]] [[data:nom:\u00a0\u00bb\u00a0\u00bb]] Chers Artistes, Chers Partenaires, merci d&rsquo;\u00eatre si nombreux pour notre premi\u00e8re sortie de l&rsquo;ann\u00e9e 2021 ! Cliquez (suite\u2026)<\/p>\n","protected":false},"author":7,"featured_media":0,"parent":0,"menu_order":0,"comment_status":"closed","ping_status":"closed","template":"","meta":{"footnotes":""},"class_list":["post-3009","page","type-page","status-publish","hentry"],"yoast_head":"<!-- This site is optimized with the Yoast SEO plugin v27.5 - https:\/\/yoast.com\/product\/yoast-seo-wordpress\/ -->\n<title>La prochaine sortie : ce samedi 23 janvier sous r\u00e9serve des derni\u00e8res directives... - French Plein Air Painters \u00a9<\/title>\n<meta name=\"robots\" content=\"index, follow, max-snippet:-1, max-image-preview:large, max-video-preview:-1\" \/>\n<link rel=\"canonical\" href=\"https:\/\/frenchpleinairpainters.com\/index.php\/les-prochaines-sorties-en-conditions-du-couvre-feu-et-dans-la-crainte-du-reconfinement\/\" \/>\n<meta property=\"og:locale\" content=\"fr_FR\" \/>\n<meta property=\"og:type\" content=\"article\" \/>\n<meta property=\"og:title\" content=\"La prochaine sortie : ce samedi 23 janvier sous r\u00e9serve des derni\u00e8res directives... - French Plein Air Painters \u00a9\" \/>\n<meta property=\"og:description\" content=\"Pour lire dans le navigateur cliquez ici A l&rsquo;attention de [[data:civilit\u00e9:\u00a0\u00bb\u00a0\u00bb]] [[data:pr\u00e9nom:\u00a0\u00bb\u00a0\u00bb]] [[data:nom:\u00a0\u00bb\u00a0\u00bb]] Chers Artistes, Chers Partenaires, merci d&rsquo;\u00eatre si nombreux pour notre premi\u00e8re sortie de l&rsquo;ann\u00e9e 2021 ! Cliquez (suite\u2026)\" \/>\n<meta property=\"og:url\" content=\"https:\/\/frenchpleinairpainters.com\/index.php\/les-prochaines-sorties-en-conditions-du-couvre-feu-et-dans-la-crainte-du-reconfinement\/\" \/>\n<meta property=\"og:site_name\" content=\"French Plein Air Painters \u00a9\" \/>\n<meta property=\"article:modified_time\" content=\"2021-01-19T23:32:46+00:00\" \/>\n<meta property=\"og:image\" content=\"https:\/\/frenchpleinairpainters.com\/wp-content\/uploads\/2021\/01\/IMG_9750-768x1024.jpg\" \/>\n<meta name=\"twitter:card\" content=\"summary_large_image\" \/>\n<meta name=\"twitter:label1\" content=\"Dur\u00e9e de lecture estim\u00e9e\" \/>\n\t<meta name=\"twitter:data1\" content=\"4 minutes\" \/>\n<script type=\"application\/ld+json\" class=\"yoast-schema-graph\">{\"@context\":\"https:\\\/\\\/schema.org\",\"@graph\":[{\"@type\":\"WebPage\",\"@id\":\"https:\\\/\\\/frenchpleinairpainters.com\\\/index.php\\\/les-prochaines-sorties-en-conditions-du-couvre-feu-et-dans-la-crainte-du-reconfinement\\\/\",\"url\":\"https:\\\/\\\/frenchpleinairpainters.com\\\/index.php\\\/les-prochaines-sorties-en-conditions-du-couvre-feu-et-dans-la-crainte-du-reconfinement\\\/\",\"name\":\"La prochaine sortie : ce samedi 23 janvier sous r\u00e9serve des derni\u00e8res directives... - French Plein Air Painters \u00a9\",\"isPartOf\":{\"@id\":\"https:\\\/\\\/frenchpleinairpainters.com\\\/#website\"},\"primaryImageOfPage\":{\"@id\":\"https:\\\/\\\/frenchpleinairpainters.com\\\/index.php\\\/les-prochaines-sorties-en-conditions-du-couvre-feu-et-dans-la-crainte-du-reconfinement\\\/#primaryimage\"},\"image\":{\"@id\":\"https:\\\/\\\/frenchpleinairpainters.com\\\/index.php\\\/les-prochaines-sorties-en-conditions-du-couvre-feu-et-dans-la-crainte-du-reconfinement\\\/#primaryimage\"},\"thumbnailUrl\":\"https:\\\/\\\/frenchpleinairpainters.com\\\/wp-content\\\/uploads\\\/2021\\\/01\\\/IMG_9750-768x1024.jpg\",\"datePublished\":\"2021-01-18T19:24:08+00:00\",\"dateModified\":\"2021-01-19T23:32:46+00:00\",\"breadcrumb\":{\"@id\":\"https:\\\/\\\/frenchpleinairpainters.com\\\/index.php\\\/les-prochaines-sorties-en-conditions-du-couvre-feu-et-dans-la-crainte-du-reconfinement\\\/#breadcrumb\"},\"inLanguage\":\"fr-FR\",\"potentialAction\":[{\"@type\":\"ReadAction\",\"target\":[\"https:\\\/\\\/frenchpleinairpainters.com\\\/index.php\\\/les-prochaines-sorties-en-conditions-du-couvre-feu-et-dans-la-crainte-du-reconfinement\\\/\"]}]},{\"@type\":\"ImageObject\",\"inLanguage\":\"fr-FR\",\"@id\":\"https:\\\/\\\/frenchpleinairpainters.com\\\/index.php\\\/les-prochaines-sorties-en-conditions-du-couvre-feu-et-dans-la-crainte-du-reconfinement\\\/#primaryimage\",\"url\":\"https:\\\/\\\/frenchpleinairpainters.com\\\/wp-content\\\/uploads\\\/2021\\\/01\\\/IMG_9750-scaled.jpg\",\"contentUrl\":\"https:\\\/\\\/frenchpleinairpainters.com\\\/wp-content\\\/uploads\\\/2021\\\/01\\\/IMG_9750-scaled.jpg\",\"width\":1920,\"height\":2560,\"caption\":\"le 10 janvier 2021 \u00e0 Meudon la sortie de la plateforme\"},{\"@type\":\"BreadcrumbList\",\"@id\":\"https:\\\/\\\/frenchpleinairpainters.com\\\/index.php\\\/les-prochaines-sorties-en-conditions-du-couvre-feu-et-dans-la-crainte-du-reconfinement\\\/#breadcrumb\",\"itemListElement\":[{\"@type\":\"ListItem\",\"position\":1,\"name\":\"Accueil\",\"item\":\"https:\\\/\\\/frenchpleinairpainters.com\\\/index.php\\\/en\\\/\"},{\"@type\":\"ListItem\",\"position\":2,\"name\":\"La prochaine sortie : ce samedi 23 janvier sous r\u00e9serve des derni\u00e8res directives&#8230;\"}]},{\"@type\":\"WebSite\",\"@id\":\"https:\\\/\\\/frenchpleinairpainters.com\\\/#website\",\"url\":\"https:\\\/\\\/frenchpleinairpainters.com\\\/\",\"name\":\"French Plein Air Painters \u00a9\",\"description\":\"En France nombreux artistes peignent en plein air d\u2019apr\u00e8s la tradition artistique qui remonte m\u00eame au del\u00e0 des Impressionnistes.\",\"publisher\":{\"@id\":\"https:\\\/\\\/frenchpleinairpainters.com\\\/#organization\"},\"potentialAction\":[{\"@type\":\"SearchAction\",\"target\":{\"@type\":\"EntryPoint\",\"urlTemplate\":\"https:\\\/\\\/frenchpleinairpainters.com\\\/?s={search_term_string}\"},\"query-input\":{\"@type\":\"PropertyValueSpecification\",\"valueRequired\":true,\"valueName\":\"search_term_string\"}}],\"inLanguage\":\"fr-FR\"},{\"@type\":\"Organization\",\"@id\":\"https:\\\/\\\/frenchpleinairpainters.com\\\/#organization\",\"name\":\"Association Festival Cultures Crois\u00e9es \u2013 AFCC\",\"url\":\"https:\\\/\\\/frenchpleinairpainters.com\\\/\",\"logo\":{\"@type\":\"ImageObject\",\"inLanguage\":\"fr-FR\",\"@id\":\"https:\\\/\\\/frenchpleinairpainters.com\\\/#\\\/schema\\\/logo\\\/image\\\/\",\"url\":\"https:\\\/\\\/frenchpleinairpainters.com\\\/wp-content\\\/uploads\\\/2019\\\/10\\\/AFCC_logo2008_BLANCJPG.jpg\",\"contentUrl\":\"https:\\\/\\\/frenchpleinairpainters.com\\\/wp-content\\\/uploads\\\/2019\\\/10\\\/AFCC_logo2008_BLANCJPG.jpg\",\"width\":654,\"height\":741,\"caption\":\"Association Festival Cultures Crois\u00e9es \u2013 AFCC\"},\"image\":{\"@id\":\"https:\\\/\\\/frenchpleinairpainters.com\\\/#\\\/schema\\\/logo\\\/image\\\/\"}}]}<\/script>\n<!-- \/ Yoast SEO plugin. -->","yoast_head_json":{"title":"La prochaine sortie : ce samedi 23 janvier sous r\u00e9serve des derni\u00e8res directives... - French Plein Air Painters \u00a9","robots":{"index":"index","follow":"follow","max-snippet":"max-snippet:-1","max-image-preview":"max-image-preview:large","max-video-preview":"max-video-preview:-1"},"canonical":"https:\/\/frenchpleinairpainters.com\/index.php\/les-prochaines-sorties-en-conditions-du-couvre-feu-et-dans-la-crainte-du-reconfinement\/","og_locale":"fr_FR","og_type":"article","og_title":"La prochaine sortie : ce samedi 23 janvier sous r\u00e9serve des derni\u00e8res directives... - French Plein Air Painters \u00a9","og_description":"Pour lire dans le navigateur cliquez ici A l&rsquo;attention de [[data:civilit\u00e9:\u00a0\u00bb\u00a0\u00bb]] [[data:pr\u00e9nom:\u00a0\u00bb\u00a0\u00bb]] [[data:nom:\u00a0\u00bb\u00a0\u00bb]] Chers Artistes, Chers Partenaires, merci d&rsquo;\u00eatre si nombreux pour notre premi\u00e8re sortie de l&rsquo;ann\u00e9e 2021 ! Cliquez (suite\u2026)","og_url":"https:\/\/frenchpleinairpainters.com\/index.php\/les-prochaines-sorties-en-conditions-du-couvre-feu-et-dans-la-crainte-du-reconfinement\/","og_site_name":"French Plein Air Painters \u00a9","article_modified_time":"2021-01-19T23:32:46+00:00","og_image":[{"url":"https:\/\/frenchpleinairpainters.com\/wp-content\/uploads\/2021\/01\/IMG_9750-768x1024.jpg","type":"","width":"","height":""}],"twitter_card":"summary_large_image","twitter_misc":{"Dur\u00e9e de lecture estim\u00e9e":"4 minutes"},"schema":{"@context":"https:\/\/schema.org","@graph":[{"@type":"WebPage","@id":"https:\/\/frenchpleinairpainters.com\/index.php\/les-prochaines-sorties-en-conditions-du-couvre-feu-et-dans-la-crainte-du-reconfinement\/","url":"https:\/\/frenchpleinairpainters.com\/index.php\/les-prochaines-sorties-en-conditions-du-couvre-feu-et-dans-la-crainte-du-reconfinement\/","name":"La prochaine sortie : ce samedi 23 janvier sous r\u00e9serve des derni\u00e8res directives... - French Plein Air Painters \u00a9","isPartOf":{"@id":"https:\/\/frenchpleinairpainters.com\/#website"},"primaryImageOfPage":{"@id":"https:\/\/frenchpleinairpainters.com\/index.php\/les-prochaines-sorties-en-conditions-du-couvre-feu-et-dans-la-crainte-du-reconfinement\/#primaryimage"},"image":{"@id":"https:\/\/frenchpleinairpainters.com\/index.php\/les-prochaines-sorties-en-conditions-du-couvre-feu-et-dans-la-crainte-du-reconfinement\/#primaryimage"},"thumbnailUrl":"https:\/\/frenchpleinairpainters.com\/wp-content\/uploads\/2021\/01\/IMG_9750-768x1024.jpg","datePublished":"2021-01-18T19:24:08+00:00","dateModified":"2021-01-19T23:32:46+00:00","breadcrumb":{"@id":"https:\/\/frenchpleinairpainters.com\/index.php\/les-prochaines-sorties-en-conditions-du-couvre-feu-et-dans-la-crainte-du-reconfinement\/#breadcrumb"},"inLanguage":"fr-FR","potentialAction":[{"@type":"ReadAction","target":["https:\/\/frenchpleinairpainters.com\/index.php\/les-prochaines-sorties-en-conditions-du-couvre-feu-et-dans-la-crainte-du-reconfinement\/"]}]},{"@type":"ImageObject","inLanguage":"fr-FR","@id":"https:\/\/frenchpleinairpainters.com\/index.php\/les-prochaines-sorties-en-conditions-du-couvre-feu-et-dans-la-crainte-du-reconfinement\/#primaryimage","url":"https:\/\/frenchpleinairpainters.com\/wp-content\/uploads\/2021\/01\/IMG_9750-scaled.jpg","contentUrl":"https:\/\/frenchpleinairpainters.com\/wp-content\/uploads\/2021\/01\/IMG_9750-scaled.jpg","width":1920,"height":2560,"caption":"le 10 janvier 2021 \u00e0 Meudon la sortie de la plateforme"},{"@type":"BreadcrumbList","@id":"https:\/\/frenchpleinairpainters.com\/index.php\/les-prochaines-sorties-en-conditions-du-couvre-feu-et-dans-la-crainte-du-reconfinement\/#breadcrumb","itemListElement":[{"@type":"ListItem","position":1,"name":"Accueil","item":"https:\/\/frenchpleinairpainters.com\/index.php\/en\/"},{"@type":"ListItem","position":2,"name":"La prochaine sortie : ce samedi 23 janvier sous r\u00e9serve des derni\u00e8res directives&#8230;"}]},{"@type":"WebSite","@id":"https:\/\/frenchpleinairpainters.com\/#website","url":"https:\/\/frenchpleinairpainters.com\/","name":"French Plein Air Painters \u00a9","description":"En France nombreux artistes peignent en plein air d\u2019apr\u00e8s la tradition artistique qui remonte m\u00eame au del\u00e0 des Impressionnistes.","publisher":{"@id":"https:\/\/frenchpleinairpainters.com\/#organization"},"potentialAction":[{"@type":"SearchAction","target":{"@type":"EntryPoint","urlTemplate":"https:\/\/frenchpleinairpainters.com\/?s={search_term_string}"},"query-input":{"@type":"PropertyValueSpecification","valueRequired":true,"valueName":"search_term_string"}}],"inLanguage":"fr-FR"},{"@type":"Organization","@id":"https:\/\/frenchpleinairpainters.com\/#organization","name":"Association Festival Cultures Crois\u00e9es \u2013 AFCC","url":"https:\/\/frenchpleinairpainters.com\/","logo":{"@type":"ImageObject","inLanguage":"fr-FR","@id":"https:\/\/frenchpleinairpainters.com\/#\/schema\/logo\/image\/","url":"https:\/\/frenchpleinairpainters.com\/wp-content\/uploads\/2019\/10\/AFCC_logo2008_BLANCJPG.jpg","contentUrl":"https:\/\/frenchpleinairpainters.com\/wp-content\/uploads\/2019\/10\/AFCC_logo2008_BLANCJPG.jpg","width":654,"height":741,"caption":"Association Festival Cultures Crois\u00e9es \u2013 AFCC"},"image":{"@id":"https:\/\/frenchpleinairpainters.com\/#\/schema\/logo\/image\/"}}]}},"_links":{"self":[{"href":"https:\/\/frenchpleinairpainters.com\/index.php\/wp-json\/wp\/v2\/pages\/3009","targetHints":{"allow":["GET"]}}],"collection":[{"href":"https:\/\/frenchpleinairpainters.com\/index.php\/wp-json\/wp\/v2\/pages"}],"about":[{"href":"https:\/\/frenchpleinairpainters.com\/index.php\/wp-json\/wp\/v2\/types\/page"}],"author":[{"embeddable":true,"href":"https:\/\/frenchpleinairpainters.com\/index.php\/wp-json\/wp\/v2\/users\/7"}],"replies":[{"embeddable":true,"href":"https:\/\/frenchpleinairpainters.com\/index.php\/wp-json\/wp\/v2\/comments?post=3009"}],"version-history":[{"count":43,"href":"https:\/\/frenchpleinairpainters.com\/index.php\/wp-json\/wp\/v2\/pages\/3009\/revisions"}],"predecessor-version":[{"id":3109,"href":"https:\/\/frenchpleinairpainters.com\/index.php\/wp-json\/wp\/v2\/pages\/3009\/revisions\/3109"}],"wp:attachment":[{"href":"https:\/\/frenchpleinairpainters.com\/index.php\/wp-json\/wp\/v2\/media?parent=3009"}],"curies":[{"name":"wp","href":"https:\/\/api.w.org\/{rel}","templated":true}]}}